{"id":53,"date":"2015-06-02T10:25:19","date_gmt":"2015-06-02T09:25:19","guid":{"rendered":"http:\/\/41.77.115.106\/~vanelli\/?page_id=53"},"modified":"2018-04-10T10:55:51","modified_gmt":"2018-04-10T09:55:51","slug":"a-propos","status":"publish","type":"page","link":"http:\/\/www.vanelli.com\/fr\/a-propos\/","title":{"rendered":"A propos"},"content":{"rendered":"<p><br \/>\n<center><br \/>\n<img loading=\"lazy\" decoding=\"async\" src=\"http:\/\/www.vanelli.com\/wp-content\/uploads\/2015\/06\/a-propos-coeur-tradition.png\" alt=\"a-propos-coeur-tradition\" width=\"300\" height=\"119\" \/><\/center>&nbsp;<\/p>\n<p>&nbsp;<\/p>\n<div style=\"margin: 0 auto;text-align: justify;width: 100%;color: #031d44;text-shadow: none;text-transform: none !important;font-weight: 400;\">\n<p>Acquise en 1987 par Pierre VANELLI, la marque VANELLI est issue d&rsquo;une longue lign\u00e9e de saleurs d&rsquo;anchois italiens. Tout au long des ann\u00e9es, VANELLI a continu\u00e9 \u00e0 prolonger la tradition de l&rsquo;anchois et \u00e0 perp\u00e9tuer les saveurs authentiques, \u00e0 travers des pr\u00e9parations savoureuses et exceptionnelles d&rsquo;anchois et de l\u00e9gumes.<\/p>\n<p>&nbsp;<\/p>\n<p>Depuis 1996, VANELLI est devenue la marque de r\u00e9f\u00e9rence sur le march\u00e9 international de l\u2019anchois, joignant tradition et innovation afin de rester fid\u00e8le aux m\u00e9thodes de travail ancestrales qui font de l\u2019anchois VANELLI un produit gustatif distingu\u00e9.<\/p>\n<p>&nbsp;<\/p>\n<p>VANELLI s\u2019appuie sur une fabrication alliant m\u00e9thodes artisanales et proc\u00e9d\u00e9s de fabrication modernes pour offrir aux gourmands des produits plus savoureux .<\/p>\n<\/div>\n<p>&nbsp;<\/p>\n<p><center><br \/>\n<img loading=\"lazy\" decoding=\"async\" class=\"bottom-img about-bottom-img\" src=\"http:\/\/www.vanelli.com\/wp-content\/uploads\/2018\/04\/Packshot-About-Us-Vanelli-1024x561.png\" alt=\"packshot-a-propos\" width=\"640\" height=\"330\" \/><\/center><\/p>\n<p><\/p>","protected":false},"excerpt":{"rendered":"<p>&nbsp; &nbsp; Acquise en 1987 par Pierre VANELLI, la marque VANELLI est issue d&rsquo;une longue lign\u00e9e de saleurs d&rsquo;anchois italiens. [&hellip;]<\/p>\n","protected":false},"author":1,"featured_media":0,"parent":0,"menu_order":0,"comment_status":"open","ping_status":"open","template":"template-apropos.php","meta":{"footnotes":""},"tags":[],"class_list":["post-53","page","type-page","status-publish","hentry"],"_links":{"self":[{"href":"http:\/\/www.vanelli.com\/fr\/wp-json\/wp\/v2\/pages\/53","targetHints":{"allow":["GET"]}}],"collection":[{"href":"http:\/\/www.vanelli.com\/fr\/wp-json\/wp\/v2\/pages"}],"about":[{"href":"http:\/\/www.vanelli.com\/fr\/wp-json\/wp\/v2\/types\/page"}],"author":[{"embeddable":true,"href":"http:\/\/www.vanelli.com\/fr\/wp-json\/wp\/v2\/users\/1"}],"replies":[{"embeddable":true,"href":"http:\/\/www.vanelli.com\/fr\/wp-json\/wp\/v2\/comments?post=53"}],"version-history":[{"count":166,"href":"http:\/\/www.vanelli.com\/fr\/wp-json\/wp\/v2\/pages\/53\/revisions"}],"predecessor-version":[{"id":2072,"href":"http:\/\/www.vanelli.com\/fr\/wp-json\/wp\/v2\/pages\/53\/revisions\/2072"}],"wp:attachment":[{"href":"http:\/\/www.vanelli.com\/fr\/wp-json\/wp\/v2\/media?parent=53"}],"wp:term":[{"taxonomy":"post_tag","embeddable":true,"href":"http:\/\/www.vanelli.com\/fr\/wp-json\/wp\/v2\/tags?post=53"}],"curies":[{"name":"wp","href":"https:\/\/api.w.org\/{rel}","templated":true}]}}